{"id":36058,"date":"2025-10-10T10:15:01","date_gmt":"2025-10-10T08:15:01","guid":{"rendered":"https:\/\/festyggdrasil.fr\/?page_id=36058"},"modified":"2025-10-14T11:24:36","modified_gmt":"2025-10-14T09:24:36","slug":"les-invites","status":"publish","type":"page","link":"https:\/\/festyggdrasil.fr\/index.php\/ends25-accueil\/les-invites\/","title":{"rendered":"Les invit\u00e9s"},"content":{"rendered":"\t\t<div data-elementor-type=\"wp-page\" data-elementor-id=\"36058\" class=\"elementor elementor-36058\" data-elementor-settings=\"{&quot;ha_cmc_init_switcher&quot;:&quot;no&quot;}\" data-elementor-post-type=\"page\">\n\t\t\t\t<div class=\"elementor-element elementor-element-2f20014 bloc-fantasy1 e-flex e-con-boxed e-con e-parent\" data-id=\"2f20014\" data-element_type=\"container\" data-e-type=\"container\" data-settings=\"{&quot;_ha_eqh_enable&quot;:false}\">\n\t\t\t\t\t<div class=\"e-con-inner\">\n\t\t<div class=\"elementor-element elementor-element-c5e1b1c e-con-full container1 elementor-hidden-desktop elementor-hidden-tablet elementor-hidden-mobile e-flex e-con e-child\" data-id=\"c5e1b1c\" data-element_type=\"container\" data-e-type=\"container\" data-settings=\"{&quot;background_background&quot;:&quot;classic&quot;,&quot;_ha_eqh_enable&quot;:false}\">\n\t\t\t\t<div class=\"elementor-element elementor-element-b83777b elementor-widget elementor-widget-heading\" data-id=\"b83777b\" data-element_type=\"widget\" data-e-type=\"widget\" data-widget_type=\"heading.default\">\n\t\t\t\t<div class=\"elementor-widget-container\">\n\t\t\t\t\t<h2 class=\"elementor-heading-title elementor-size-default\">Les invit\u00e9s VIP du festival seront affich\u00e9s ici !<\/h2>\t\t\t\t<\/div>\n\t\t\t\t<\/div>\n\t\t\t\t<div class=\"elementor-element elementor-element-624b729 elementor-widget elementor-widget-heading\" data-id=\"624b729\" data-element_type=\"widget\" data-e-type=\"widget\" data-widget_type=\"heading.default\">\n\t\t\t\t<div class=\"elementor-widget-container\">\n\t\t\t\t\t<h6 class=\"elementor-heading-title elementor-size-default\">Vous ne les connaissez pas ? Bonne nouvelles ils viennent \u00e0 votre rencontre... Leur cal\u00e8che est en route<\/h6>\t\t\t\t<\/div>\n\t\t\t\t<\/div>\n\t\t\t\t<\/div>\n\t\t<div class=\"elementor-element elementor-element-31673de e-con-full container1 e-flex e-con e-child\" data-id=\"31673de\" data-element_type=\"container\" data-e-type=\"container\" data-settings=\"{&quot;background_background&quot;:&quot;classic&quot;,&quot;_ha_eqh_enable&quot;:false}\">\n\t\t\t\t<div class=\"elementor-element elementor-element-6e9fc20 elementor-widget elementor-widget-heading\" data-id=\"6e9fc20\" data-element_type=\"widget\" data-e-type=\"widget\" data-widget_type=\"heading.default\">\n\t\t\t\t<div class=\"elementor-widget-container\">\n\t\t\t\t\t<h2 class=\"elementor-heading-title elementor-size-default\">Les invit\u00e9s VIP du festival !<\/h2>\t\t\t\t<\/div>\n\t\t\t\t<\/div>\n\t\t\t\t<div class=\"elementor-element elementor-element-451c007 elementor-widget elementor-widget-heading\" data-id=\"451c007\" data-element_type=\"widget\" data-e-type=\"widget\" data-widget_type=\"heading.default\">\n\t\t\t\t<div class=\"elementor-widget-container\">\n\t\t\t\t\t<h6 class=\"elementor-heading-title elementor-size-default\">Vous ne les connaissez pas ? Bonne nouvelles ils viennent \u00e0 votre rencontre...<\/h6>\t\t\t\t<\/div>\n\t\t\t\t<\/div>\n\t\t\t\t<div class=\"elementor-element elementor-element-bd4f405 elementor-widget elementor-widget-text-editor\" data-id=\"bd4f405\" data-element_type=\"widget\" data-e-type=\"widget\" data-widget_type=\"text-editor.default\">\n\t\t\t\t<div class=\"elementor-widget-container\">\n\t\t\t\t\t\t\t\t\t<p data-start=\"126\" data-end=\"868\">Pr\u00e9parez-vous \u00e0 vivre des <strong data-start=\"60\" data-end=\"90\">rencontres extraordinaires<\/strong> avec nos invit\u00e9s VIP ! <strong data-start=\"114\" data-end=\"137\">Acteurs l\u00e9gendaires<\/strong>, doubleurs de renom, <strong data-start=\"139\" data-end=\"163\">\u00e9crivains inspirants<\/strong> et <strong data-start=\"167\" data-end=\"191\">cr\u00e9ateurs passionn\u00e9s<\/strong> vous attendent au Festival Yggdrasil pour partager leurs histoires et secrets. S\u00e9ances de d\u00e9dicaces, conf\u00e9rences \u00e9piques ou simples \u00e9changes magiques, venez approcher ceux qui font battre le c\u0153ur de vos univers favoris ! Une occasion unique de <strong data-start=\"436\" data-end=\"460\">rencontrer vos h\u00e9ros<\/strong> en chair et en os !<\/p>\t\t\t\t\t\t\t\t<\/div>\n\t\t\t\t<\/div>\n\t\t<div class=\"elementor-element elementor-element-b5d4ec0 container-guest e-con-full e-flex e-con e-child\" data-id=\"b5d4ec0\" data-element_type=\"container\" data-e-type=\"container\" data-settings=\"{&quot;_ha_eqh_enable&quot;:false}\">\n\t\t<div class=\"elementor-element elementor-element-dc64ac4 e-con-full widget-guest e-flex e-con e-child\" data-id=\"dc64ac4\" data-element_type=\"container\" data-e-type=\"container\" data-settings=\"{&quot;_ha_eqh_enable&quot;:false}\">\n\t\t<div class=\"elementor-element elementor-element-a209634 e-con-full e-flex e-con e-child\" data-id=\"a209634\" data-element_type=\"container\" data-e-type=\"container\" data-settings=\"{&quot;background_background&quot;:&quot;classic&quot;,&quot;_ha_eqh_enable&quot;:false}\">\n\t\t\t\t<div class=\"elementor-element elementor-element-e0d31c3 image2 elementor-widget elementor-widget-image\" data-id=\"e0d31c3\" data-element_type=\"widget\" data-e-type=\"widget\" data-widget_type=\"image.default\">\n\t\t\t\t<div class=\"elementor-widget-container\">\n\t\t\t\t\t\t\t\t\t\t\t\t\t\t\t<img fetchpriority=\"high\" decoding=\"async\" width=\"400\" height=\"600\" src=\"https:\/\/festyggdrasil.fr\/wp-content\/uploads\/2025\/10\/Dov.jpg\" class=\"attachment-large size-large wp-image-36074\" alt=\"\" srcset=\"https:\/\/festyggdrasil.fr\/wp-content\/uploads\/2025\/10\/Dov.jpg 400w, https:\/\/festyggdrasil.fr\/wp-content\/uploads\/2025\/10\/Dov-333x500.jpg 333w, https:\/\/festyggdrasil.fr\/wp-content\/uploads\/2025\/10\/Dov-200x300.jpg 200w\" sizes=\"(max-width: 400px) 100vw, 400px\" \/>\t\t\t\t\t\t\t\t\t\t\t\t\t\t\t<\/div>\n\t\t\t\t<\/div>\n\t\t\t\t<\/div>\n\t\t<div class=\"elementor-element elementor-element-564ed2e e-con-full e-flex e-con e-child\" data-id=\"564ed2e\" data-element_type=\"container\" data-e-type=\"container\" data-settings=\"{&quot;background_background&quot;:&quot;classic&quot;,&quot;_ha_eqh_enable&quot;:false}\">\n\t\t\t\t<div class=\"elementor-element elementor-element-176bdce elementor-widget elementor-widget-heading\" data-id=\"176bdce\" data-element_type=\"widget\" data-e-type=\"widget\" data-widget_type=\"heading.default\">\n\t\t\t\t<div class=\"elementor-widget-container\">\n\t\t\t\t\t<h3 class=\"elementor-heading-title elementor-size-default\">Dov Milsztajn<\/h3>\t\t\t\t<\/div>\n\t\t\t\t<\/div>\n\t\t\t\t<div class=\"elementor-element elementor-element-39d7615 elementor-widget elementor-widget-heading\" data-id=\"39d7615\" data-element_type=\"widget\" data-e-type=\"widget\" data-widget_type=\"heading.default\">\n\t\t\t\t<div class=\"elementor-widget-container\">\n\t\t\t\t\t<h4 class=\"elementor-heading-title elementor-size-default\">Com\u00e9dien de doublage<\/h4>\t\t\t\t<\/div>\n\t\t\t\t<\/div>\n\t\t\t\t<div class=\"elementor-element elementor-element-9053fd2 elementor-widget elementor-widget-heading\" data-id=\"9053fd2\" data-element_type=\"widget\" data-e-type=\"widget\" data-widget_type=\"heading.default\">\n\t\t\t\t<div class=\"elementor-widget-container\">\n\t\t\t\t\t<h5 class=\"elementor-heading-title elementor-size-default\">Pr\u00e9sent le 25 &amp; 26 Octobre<\/h5>\t\t\t\t<\/div>\n\t\t\t\t<\/div>\n\t\t\t\t<div class=\"elementor-element elementor-element-8f11a23 elementor-widget elementor-widget-text-editor\" data-id=\"8f11a23\" data-element_type=\"widget\" data-e-type=\"widget\" data-widget_type=\"text-editor.default\">\n\t\t\t\t<div class=\"elementor-widget-container\">\n\t\t\t\t\t\t\t\t\t<p>Sous cet air sympathique se cache la voix iconique de l&rsquo;antagoniste blond platine de Serpentard. Dov, la voix de Malefoy&#8230; Drago Malefoy sera pr\u00e9sente au festival.<\/p>\t\t\t\t\t\t\t\t<\/div>\n\t\t\t\t<\/div>\n\t\t\t\t<\/div>\n\t\t\t\t<\/div>\n\t\t<div class=\"elementor-element elementor-element-da801f6 widget-guest e-flex e-con-boxed e-con e-child\" data-id=\"da801f6\" data-element_type=\"container\" data-e-type=\"container\" data-settings=\"{&quot;_ha_eqh_enable&quot;:false}\">\n\t\t\t\t\t<div class=\"e-con-inner\">\n\t\t<div class=\"elementor-element elementor-element-4551497 e-con-full e-flex e-con e-child\" data-id=\"4551497\" data-element_type=\"container\" data-e-type=\"container\" data-settings=\"{&quot;background_background&quot;:&quot;classic&quot;,&quot;_ha_eqh_enable&quot;:false}\">\n\t\t\t\t<div class=\"elementor-element elementor-element-3211768 image2 elementor-widget elementor-widget-image\" data-id=\"3211768\" data-element_type=\"widget\" data-e-type=\"widget\" data-widget_type=\"image.default\">\n\t\t\t\t<div class=\"elementor-widget-container\">\n\t\t\t\t\t\t\t\t\t\t\t\t\t\t\t<img decoding=\"async\" width=\"400\" height=\"600\" src=\"https:\/\/festyggdrasil.fr\/wp-content\/uploads\/2025\/10\/Keylian-Blanc.jpg\" class=\"attachment-large size-large wp-image-36073\" alt=\"\" srcset=\"https:\/\/festyggdrasil.fr\/wp-content\/uploads\/2025\/10\/Keylian-Blanc.jpg 400w, https:\/\/festyggdrasil.fr\/wp-content\/uploads\/2025\/10\/Keylian-Blanc-333x500.jpg 333w, https:\/\/festyggdrasil.fr\/wp-content\/uploads\/2025\/10\/Keylian-Blanc-200x300.jpg 200w\" sizes=\"(max-width: 400px) 100vw, 400px\" \/>\t\t\t\t\t\t\t\t\t\t\t\t\t\t\t<\/div>\n\t\t\t\t<\/div>\n\t\t\t\t<\/div>\n\t\t<div class=\"elementor-element elementor-element-37f5bde e-con-full e-flex e-con e-child\" data-id=\"37f5bde\" data-element_type=\"container\" data-e-type=\"container\" data-settings=\"{&quot;background_background&quot;:&quot;classic&quot;,&quot;_ha_eqh_enable&quot;:false}\">\n\t\t\t\t<div class=\"elementor-element elementor-element-cf6dd1d elementor-widget elementor-widget-heading\" data-id=\"cf6dd1d\" data-element_type=\"widget\" data-e-type=\"widget\" data-widget_type=\"heading.default\">\n\t\t\t\t<div class=\"elementor-widget-container\">\n\t\t\t\t\t<h3 class=\"elementor-heading-title elementor-size-default\">Keylian Blanc<\/h3>\t\t\t\t<\/div>\n\t\t\t\t<\/div>\n\t\t\t\t<div class=\"elementor-element elementor-element-c71a95b elementor-widget elementor-widget-heading\" data-id=\"c71a95b\" data-element_type=\"widget\" data-e-type=\"widget\" data-widget_type=\"heading.default\">\n\t\t\t\t<div class=\"elementor-widget-container\">\n\t\t\t\t\t<h4 class=\"elementor-heading-title elementor-size-default\">Com\u00e9dien de doublage<\/h4>\t\t\t\t<\/div>\n\t\t\t\t<\/div>\n\t\t\t\t<div class=\"elementor-element elementor-element-207e578 elementor-widget elementor-widget-heading\" data-id=\"207e578\" data-element_type=\"widget\" data-e-type=\"widget\" data-widget_type=\"heading.default\">\n\t\t\t\t<div class=\"elementor-widget-container\">\n\t\t\t\t\t<h5 class=\"elementor-heading-title elementor-size-default\">Pr\u00e9sent le 25 &amp; 26 Octobre\n et \nle 1 &amp; 2 Novembre<\/h5>\t\t\t\t<\/div>\n\t\t\t\t<\/div>\n\t\t\t\t<div class=\"elementor-element elementor-element-3b523df elementor-widget elementor-widget-text-editor\" data-id=\"3b523df\" data-element_type=\"widget\" data-e-type=\"widget\" data-widget_type=\"text-editor.default\">\n\t\t\t\t<div class=\"elementor-widget-container\">\n\t\t\t\t\t\t\t\t\t<p data-pm-slice=\"0 0 []\">On ne pr\u00e9sente plus cette voix iconique de Harry Potter dans les 8 volets de la saga cin\u00e9matographique. Il est le parrain de ce festival et nous fait l&rsquo;honneur de sa pr\u00e9sence.<\/p>\t\t\t\t\t\t\t\t<\/div>\n\t\t\t\t<\/div>\n\t\t\t\t<\/div>\n\t\t\t\t\t<\/div>\n\t\t\t\t<\/div>\n\t\t<div class=\"elementor-element elementor-element-4b942af widget-guest e-con-full e-flex e-con e-child\" data-id=\"4b942af\" data-element_type=\"container\" data-e-type=\"container\" data-settings=\"{&quot;_ha_eqh_enable&quot;:false}\">\n\t\t<div class=\"elementor-element elementor-element-8ff5c07 e-con-full e-flex e-con e-child\" data-id=\"8ff5c07\" data-element_type=\"container\" data-e-type=\"container\" data-settings=\"{&quot;background_background&quot;:&quot;classic&quot;,&quot;_ha_eqh_enable&quot;:false}\">\n\t\t\t\t<div class=\"elementor-element elementor-element-e9c6cfb image2 elementor-widget elementor-widget-image\" data-id=\"e9c6cfb\" data-element_type=\"widget\" data-e-type=\"widget\" data-widget_type=\"image.default\">\n\t\t\t\t<div class=\"elementor-widget-container\">\n\t\t\t\t\t\t\t\t\t\t\t\t\t\t\t<img decoding=\"async\" width=\"400\" height=\"600\" src=\"https:\/\/festyggdrasil.fr\/wp-content\/uploads\/2025\/10\/Site-Web-1.jpg\" class=\"attachment-large size-large wp-image-36096\" alt=\"\" srcset=\"https:\/\/festyggdrasil.fr\/wp-content\/uploads\/2025\/10\/Site-Web-1.jpg 400w, https:\/\/festyggdrasil.fr\/wp-content\/uploads\/2025\/10\/Site-Web-1-333x500.jpg 333w, https:\/\/festyggdrasil.fr\/wp-content\/uploads\/2025\/10\/Site-Web-1-200x300.jpg 200w\" sizes=\"(max-width: 400px) 100vw, 400px\" \/>\t\t\t\t\t\t\t\t\t\t\t\t\t\t\t<\/div>\n\t\t\t\t<\/div>\n\t\t\t\t<\/div>\n\t\t<div class=\"elementor-element elementor-element-9985bb8 e-con-full e-flex e-con e-child\" data-id=\"9985bb8\" data-element_type=\"container\" data-e-type=\"container\" data-settings=\"{&quot;background_background&quot;:&quot;classic&quot;,&quot;_ha_eqh_enable&quot;:false}\">\n\t\t\t\t<div class=\"elementor-element elementor-element-15e63ab elementor-widget elementor-widget-heading\" data-id=\"15e63ab\" data-element_type=\"widget\" data-e-type=\"widget\" data-widget_type=\"heading.default\">\n\t\t\t\t<div class=\"elementor-widget-container\">\n\t\t\t\t\t<h3 class=\"elementor-heading-title elementor-size-default\">Laurence Br\u00e9heret<\/h3>\t\t\t\t<\/div>\n\t\t\t\t<\/div>\n\t\t\t\t<div class=\"elementor-element elementor-element-b69084e elementor-widget elementor-widget-heading\" data-id=\"b69084e\" data-element_type=\"widget\" data-e-type=\"widget\" data-widget_type=\"heading.default\">\n\t\t\t\t<div class=\"elementor-widget-container\">\n\t\t\t\t\t<h4 class=\"elementor-heading-title elementor-size-default\">Com\u00e9dienne de doublage<\/h4>\t\t\t\t<\/div>\n\t\t\t\t<\/div>\n\t\t\t\t<div class=\"elementor-element elementor-element-346f43a elementor-widget elementor-widget-heading\" data-id=\"346f43a\" data-element_type=\"widget\" data-e-type=\"widget\" data-widget_type=\"heading.default\">\n\t\t\t\t<div class=\"elementor-widget-container\">\n\t\t\t\t\t<h5 class=\"elementor-heading-title elementor-size-default\">Pr\u00e9sente les 1 &amp; 2 Novembre<\/h5>\t\t\t\t<\/div>\n\t\t\t\t<\/div>\n\t\t\t\t<div class=\"elementor-element elementor-element-f65a8db elementor-widget elementor-widget-text-editor\" data-id=\"f65a8db\" data-element_type=\"widget\" data-e-type=\"widget\" data-widget_type=\"text-editor.default\">\n\t\t\t\t<div class=\"elementor-widget-container\">\n\t\t\t\t\t\t\t\t\t<p data-pm-slice=\"0 0 []\">Vous l&rsquo;avez surement entendu si vous \u00eates fan de Tim Burton, dans les Noces fun\u00e8bres elle interpr\u00e8te la voix d&rsquo;Emily. Laurence double \u00e9galement r\u00e9guli\u00e8rement Helena Bonham Carter, mais dans Harry Potter pr\u00eate sa voix \u00e0 Lily Potter.<\/p>\t\t\t\t\t\t\t\t<\/div>\n\t\t\t\t<\/div>\n\t\t\t\t<\/div>\n\t\t\t\t<\/div>\n\t\t\t\t<\/div>\n\t\t\t\t<\/div>\n\t\t\t\t\t<\/div>\n\t\t\t\t<\/div>\n\t\t\t\t<\/div>\n\t\t","protected":false},"excerpt":{"rendered":"<p>Les invit\u00e9s VIP du festival seront affich\u00e9s ici ! Vous ne les connaissez pas ? Bonne nouvelles ils viennent \u00e0 votre rencontre&#8230; Leur cal\u00e8che est en route Les invit\u00e9s VIP du festival ! Vous ne les connaissez pas ? Bonne nouvelles ils viennent \u00e0 votre rencontre&#8230; Pr\u00e9parez-vous \u00e0 vivre des rencontres extraordinaires avec nos invit\u00e9s [&hellip;]<\/p>\n","protected":false},"author":5,"featured_media":0,"parent":27379,"menu_order":0,"comment_status":"open","ping_status":"closed","template":"","meta":{"footnotes":""},"wf_page_folders":[37],"class_list":["post-36058","page","type-page","status-publish","hentry"],"_links":{"self":[{"href":"https:\/\/festyggdrasil.fr\/index.php\/wp-json\/wp\/v2\/pages\/36058","targetHints":{"allow":["GET"]}}],"collection":[{"href":"https:\/\/festyggdrasil.fr\/index.php\/wp-json\/wp\/v2\/pages"}],"about":[{"href":"https:\/\/festyggdrasil.fr\/index.php\/wp-json\/wp\/v2\/types\/page"}],"author":[{"embeddable":true,"href":"https:\/\/festyggdrasil.fr\/index.php\/wp-json\/wp\/v2\/users\/5"}],"replies":[{"embeddable":true,"href":"https:\/\/festyggdrasil.fr\/index.php\/wp-json\/wp\/v2\/comments?post=36058"}],"version-history":[{"count":37,"href":"https:\/\/festyggdrasil.fr\/index.php\/wp-json\/wp\/v2\/pages\/36058\/revisions"}],"predecessor-version":[{"id":36102,"href":"https:\/\/festyggdrasil.fr\/index.php\/wp-json\/wp\/v2\/pages\/36058\/revisions\/36102"}],"up":[{"embeddable":true,"href":"https:\/\/festyggdrasil.fr\/index.php\/wp-json\/wp\/v2\/pages\/27379"}],"wp:attachment":[{"href":"https:\/\/festyggdrasil.fr\/index.php\/wp-json\/wp\/v2\/media?parent=36058"}],"wp:term":[{"taxonomy":"wf_page_folders","embeddable":true,"href":"https:\/\/festyggdrasil.fr\/index.php\/wp-json\/wp\/v2\/wf_page_folders?post=36058"}],"curies":[{"name":"wp","href":"https:\/\/api.w.org\/{rel}","templated":true}]}}